{"id":5199,"date":"2016-08-03T10:31:51","date_gmt":"2016-08-03T08:31:51","guid":{"rendered":"http:\/\/www.cepdivin.org\/?post_type=tribe_events&#038;p=5199"},"modified":"2016-10-07T20:52:23","modified_gmt":"2016-10-07T18:52:23","slug":"cite-vin-vendanges-savoir","status":"publish","type":"tribe_events","link":"https:\/\/www.cepdivin.org\/?tribe_events=cite-vin-vendanges-savoir","title":{"rendered":"La Cit\u00e9 du Vin | Les Vendanges du Savoir"},"content":{"rendered":"<h1 style=\"text-align: justify;\">Soir\u00e9e inaugurale Les Vendanges du Savoir<\/h1>\n<h2 style=\"text-align: justify;\"><a href=\"http:\/\/www.cepdivin.org\/wp-content\/uploads\/2016\/08\/cite-du-vin-rond.png\"><img loading=\"lazy\" decoding=\"async\" class=\"alignleft size-full wp-image-5200\" src=\"http:\/\/www.cepdivin.org\/wp-content\/uploads\/2016\/08\/cite-du-vin-rond.png\" alt=\"cite-du-vin-rond\" width=\"155\" height=\"155\" srcset=\"https:\/\/www.cepdivin.org\/wp-content\/uploads\/2016\/08\/cite-du-vin-rond.png 155w, https:\/\/www.cepdivin.org\/wp-content\/uploads\/2016\/08\/cite-du-vin-rond-150x150.png 150w\" sizes=\"auto, (max-width: 155px) 100vw, 155px\" \/><\/a>Lancement officiel des Vendanges du Savoir<\/h2>\n<h3 style=\"text-align: justify;\">AUDITORIUM &amp; SALONS LA FAYETTE \/ CONF\u00c9RENCE INAUGURALE<\/h3>\n<h3 style=\"text-align: justify;\">Jeudi 13 octobre 2016 \u00e0 18h00<\/h3>\n<p style=\"text-align: justify;\">Dans le cadre de son action d\u2019ouverture au grand public, l\u2019Institut des Sciences de la Vigne et du Vin s\u2019associe \u00e0 La Cit\u00e9 du Vin pour d\u00e9localiser sous forme de conf\u00e9rences th\u00e9matiques quelques-uns de ses enseignements. Les Vendanges du Savoir ouvrent ainsi des espaces de partage sur des th\u00e8mes de port\u00e9e universelle et aptes \u00e0 mettre en dialogue les civilisations du vin.<\/p>\n<p style=\"text-align: justify;\">Avec\u00a0:<\/p>\n<ul style=\"text-align: justify;\">\n<li><strong>Son Altesse royale le Prince Robert du Luxembourg<\/strong>, pr\u00e9sident du Comit\u00e9 d\u2019orientation culturelle de la Fondation pour la culture et les civilisations du vin<\/li>\n<li><strong>Manuel Tunon de Lara<\/strong>, pr\u00e9sident de l&#8217;Universit\u00e9 de Bordeaux<\/li>\n<li><strong>H\u00e9l\u00e8ne V\u00e9lasco-Graciet<\/strong>, pr\u00e9sidente de l&#8217;Universit\u00e9 Bordeaux Montaigne<\/li>\n<li><strong>Philippe Claudel<\/strong>, \u00e9crivain, r\u00e9alisateur et sc\u00e9nariste fran\u00e7ais<\/li>\n<\/ul>\n<p style=\"text-align: justify;\"><em>Rencontre suivie d\u2019une d\u00e9gustation de vins<\/em><\/p>\n<p style=\"text-align: justify;\"><em>En partenariat avec l&#8217;Institut des Sciences de la Vigne et du Vin, l&#8217;Universit\u00e9 Bordeaux Montaigne et l&#8217;Universit\u00e9 de Bordeaux.<\/em><\/p>\n<p style=\"text-align: justify;\">Source :\u00a0<strong><a href=\"http:\/\/www.laciteduvin.com\/fr\/vivez-la-cite-du-vin\/evenements-spectacles\/soiree-inaugurale-les-vendanges-du-savoir\" target=\"_blank\">La Cit\u00e9 du Vin<\/a><\/strong><\/p>\n<p style=\"text-align: justify;\"><img loading=\"lazy\" decoding=\"async\" class=\"alignnone wp-image-5227 size-medium\" src=\"http:\/\/www.cepdivin.org\/wp-content\/uploads\/2013\/06\/cite-du-vin-logo-300x189.jpg\" alt=\"cite-du-vin-logo\" width=\"300\" height=\"189\" srcset=\"https:\/\/www.cepdivin.org\/wp-content\/uploads\/2013\/06\/cite-du-vin-logo-300x189.jpg 300w, https:\/\/www.cepdivin.org\/wp-content\/uploads\/2013\/06\/cite-du-vin-logo-332x209.jpg 332w, https:\/\/www.cepdivin.org\/wp-content\/uploads\/2013\/06\/cite-du-vin-logo.jpg 374w\" sizes=\"auto, (max-width: 300px) 100vw, 300px\" \/><img loading=\"lazy\" decoding=\"async\" class=\"alignnone wp-image-5490 size-medium\" src=\"http:\/\/www.cepdivin.org\/wp-content\/uploads\/2016\/08\/les-vendanges-du-savoir-300x300.png\" alt=\"les-vendanges-du-savoir\" width=\"300\" height=\"300\" srcset=\"https:\/\/www.cepdivin.org\/wp-content\/uploads\/2016\/08\/les-vendanges-du-savoir-300x300.png 300w, https:\/\/www.cepdivin.org\/wp-content\/uploads\/2016\/08\/les-vendanges-du-savoir-150x150.png 150w, https:\/\/www.cepdivin.org\/wp-content\/uploads\/2016\/08\/les-vendanges-du-savoir-600x600.png 600w, https:\/\/www.cepdivin.org\/wp-content\/uploads\/2016\/08\/les-vendanges-du-savoir-700x700.png 700w, https:\/\/www.cepdivin.org\/wp-content\/uploads\/2016\/08\/les-vendanges-du-savoir-332x332.png 332w, https:\/\/www.cepdivin.org\/wp-content\/uploads\/2016\/08\/les-vendanges-du-savoir-432x432.png 432w, https:\/\/www.cepdivin.org\/wp-content\/uploads\/2016\/08\/les-vendanges-du-savoir-268x268.png 268w, https:\/\/www.cepdivin.org\/wp-content\/uploads\/2016\/08\/les-vendanges-du-savoir.png 762w\" sizes=\"auto, (max-width: 300px) 100vw, 300px\" \/><\/p>\n<p style=\"text-align: justify;\">\n","protected":false},"excerpt":{"rendered":"<p>Soir\u00e9e inaugurale Les Vendanges du Savoir Lancement officiel des Vendanges du Savoir AUDITORIUM &amp; SALONS LA FAYETTE \/ CONF\u00c9RENCE INAUGURALE Jeudi 13 octobre 2016 \u00e0 18h00 Dans le cadre de son action d\u2019ouverture au grand public, l\u2019Institut des Sciences de la Vigne et du Vin s\u2019associe \u00e0 La Cit\u00e9 du &#8230;<\/p>\n","protected":false},"author":4,"featured_media":5491,"comment_status":"open","ping_status":"closed","template":"","meta":{"_tribe_events_status":"","_tribe_events_status_reason":"","footnotes":""},"tags":[322,310],"tribe_events_cat":[288],"class_list":["post-5199","tribe_events","type-tribe_events","status-publish","has-post-thumbnail","hentry","tag-bordeaux","tag-cite-des-civilisations-du-vin","tribe_events_cat-colloques-conferences","cat_colloques-conferences","column","onecol","has-thumbnail"],"_links":{"self":[{"href":"https:\/\/www.cepdivin.org\/index.php?rest_route=\/wp\/v2\/tribe_events\/5199","targetHints":{"allow":["GET"]}}],"collection":[{"href":"https:\/\/www.cepdivin.org\/index.php?rest_route=\/wp\/v2\/tribe_events"}],"about":[{"href":"https:\/\/www.cepdivin.org\/index.php?rest_route=\/wp\/v2\/types\/tribe_events"}],"author":[{"embeddable":true,"href":"https:\/\/www.cepdivin.org\/index.php?rest_route=\/wp\/v2\/users\/4"}],"replies":[{"embeddable":true,"href":"https:\/\/www.cepdivin.org\/index.php?rest_route=%2Fwp%2Fv2%2Fcomments&post=5199"}],"version-history":[{"count":5,"href":"https:\/\/www.cepdivin.org\/index.php?rest_route=\/wp\/v2\/tribe_events\/5199\/revisions"}],"predecessor-version":[{"id":5494,"href":"https:\/\/www.cepdivin.org\/index.php?rest_route=\/wp\/v2\/tribe_events\/5199\/revisions\/5494"}],"wp:featuredmedia":[{"embeddable":true,"href":"https:\/\/www.cepdivin.org\/index.php?rest_route=\/wp\/v2\/media\/5491"}],"wp:attachment":[{"href":"https:\/\/www.cepdivin.org\/index.php?rest_route=%2Fwp%2Fv2%2Fmedia&parent=5199"}],"wp:term":[{"taxonomy":"post_tag","embeddable":true,"href":"https:\/\/www.cepdivin.org\/index.php?rest_route=%2Fwp%2Fv2%2Ftags&post=5199"},{"taxonomy":"tribe_events_cat","embeddable":true,"href":"https:\/\/www.cepdivin.org\/index.php?rest_route=%2Fwp%2Fv2%2Ftribe_events_cat&post=5199"}],"curies":[{"name":"wp","href":"https:\/\/api.w.org\/{rel}","templated":true}]}}