{"id":281,"date":"2013-05-02T10:16:37","date_gmt":"2013-05-02T08:16:37","guid":{"rendered":"http:\/\/www.cepdivin.org\/?page_id=281"},"modified":"2013-06-27T18:50:04","modified_gmt":"2013-06-27T16:50:04","slug":"objectifs","status":"publish","type":"page","link":"https:\/\/www.cepdivin.org\/?page_id=281","title":{"rendered":"Objectifs de CEPDIVIN"},"content":{"rendered":"<div id=\"metaslider-id-1209\" style=\"max-width: 565px; margin: 0 auto;\" class=\"ml-slider-3-107-0 metaslider metaslider-nivo metaslider-1209 ml-slider ms-theme-default\" role=\"region\" aria-label=\"Diaporama g\u00e9n\u00e9ral\" data-height=\"290\" data-width=\"565\">\n    <div id=\"metaslider_container_1209\">\n        <div class='slider-wrapper theme-default'><div class='ribbon'><\/div><div id='metaslider_1209' class='nivoSlider'><img loading=\"lazy\" decoding=\"async\" src=\"https:\/\/www.cepdivin.org\/wp-content\/uploads\/2013\/06\/DL-08-12-2007-565x290.jpg\" height=\"290\" width=\"565\" alt=\"\" class=\"slider-1209 slide-1486 msDefaultImage\" \/><img loading=\"lazy\" decoding=\"async\" src=\"https:\/\/www.cepdivin.org\/wp-content\/uploads\/2013\/07\/Chateau-Filhot-10-12-2011-2-565x290.jpg\" height=\"290\" width=\"565\" alt=\"\" class=\"slider-1209 slide-1499 msDefaultImage\" \/><img loading=\"lazy\" decoding=\"async\" src=\"https:\/\/www.cepdivin.org\/wp-content\/uploads\/2026\/01\/Degustaion-litteraire-Jerez-Quvee-2-565x290.jpg\" height=\"290\" width=\"565\" title=\"Degustaion litteraire Jerez Quvee 2\" alt=\"\" class=\"slider-1209 slide-6493 msDefaultImage\" \/><img loading=\"lazy\" decoding=\"async\" src=\"https:\/\/www.cepdivin.org\/wp-content\/uploads\/2013\/06\/DL-26-01-2013-565x290.jpg\" height=\"290\" width=\"565\" alt=\"Astrid Bouygues, S\u00e9gol\u00e8ne Lef\u00e8vre, Gabriel Saad : Histoires l\u00e9gumi\u00e8res. d\u00e9gustation litt\u00e9raire, L\" class=\"slider-1209 slide-1228 msDefaultImage\" \/><img loading=\"lazy\" decoding=\"async\" src=\"https:\/\/www.cepdivin.org\/wp-content\/uploads\/2016\/08\/club-cepdivin-degustation-2016-09-03-565x290.jpg\" height=\"290\" width=\"565\" alt=\"\" class=\"slider-1209 slide-5248 msDefaultImage\" \/><img loading=\"lazy\" decoding=\"async\" src=\"https:\/\/www.cepdivin.org\/wp-content\/uploads\/2015\/01\/degustation-litteraire-34-10-565x290.jpeg\" height=\"290\" width=\"565\" data-caption=\"&lt;div&gt;D&amp;eacute;gustation litt&amp;eacute;raire. Jean-Yves Bardin, Vignerons d&#039;Anjou.&lt;\/div&gt;\" alt=\"\" class=\"slider-1209 slide-4043 msDefaultImage\" \/><img loading=\"lazy\" decoding=\"async\" src=\"https:\/\/www.cepdivin.org\/wp-content\/uploads\/2017\/10\/degustation-litteraire-20171110-vins-565x290.jpg\" height=\"290\" width=\"565\" title=\"degustation-litteraire-20171110-vins\" alt=\"\" class=\"slider-1209 slide-6497 msDefaultImage\" \/><img loading=\"lazy\" decoding=\"async\" src=\"https:\/\/www.cepdivin.org\/wp-content\/uploads\/2013\/07\/Domaine-Bordenave-565x290.jpg\" height=\"290\" width=\"565\" alt=\"\" class=\"slider-1209 slide-1492 msDefaultImage\" \/><img loading=\"lazy\" decoding=\"async\" src=\"https:\/\/www.cepdivin.org\/wp-content\/uploads\/2013\/05\/timbre_pasteur-565x290.jpg\" height=\"290\" width=\"565\" alt=\"\" class=\"slider-1209 slide-1077 msDefaultImage\" \/><img loading=\"lazy\" decoding=\"async\" src=\"https:\/\/www.cepdivin.org\/wp-content\/uploads\/2013\/06\/DL-19-06-2007-565x290.jpg\" height=\"290\" width=\"565\" alt=\"\" class=\"slider-1209 slide-1487 msDefaultImage\" \/><img loading=\"lazy\" decoding=\"async\" src=\"https:\/\/www.cepdivin.org\/wp-content\/uploads\/2013\/06\/Philippe-Margot-565x290.jpg\" height=\"290\" width=\"565\" alt=\"\" class=\"slider-1209 slide-1326 msDefaultImage\" \/><img loading=\"lazy\" decoding=\"async\" src=\"https:\/\/www.cepdivin.org\/wp-content\/uploads\/2026\/01\/degustation-litteraire-jerez-bardins-2-565x290.jpg\" height=\"290\" width=\"565\" title=\"degustation litteraire jerez bardins 2\" alt=\"\" class=\"slider-1209 slide-6491 msDefaultImage\" \/><img loading=\"lazy\" decoding=\"async\" src=\"https:\/\/www.cepdivin.org\/wp-content\/uploads\/2013\/06\/DL-10-06-2004-565x290.jpg\" height=\"290\" width=\"565\" alt=\"\" class=\"slider-1209 slide-1314 msDefaultImage\" \/><img loading=\"lazy\" decoding=\"async\" src=\"https:\/\/www.cepdivin.org\/wp-content\/uploads\/2017\/09\/chateau-bardins-565x290.jpg\" height=\"290\" width=\"565\" title=\"chateau-bardins\" alt=\"\" class=\"slider-1209 slide-6496 msDefaultImage\" \/><img loading=\"lazy\" decoding=\"async\" src=\"https:\/\/www.cepdivin.org\/wp-content\/uploads\/2013\/06\/DL-26-01-2013-affiche-565x290.jpg\" height=\"290\" width=\"565\" alt=\"Histoires l\u00e9gumi\u00e8res. D\u00e9gustation litt\u00e9raire, L\" class=\"slider-1209 slide-1230 msDefaultImage\" \/><img loading=\"lazy\" decoding=\"async\" src=\"https:\/\/www.cepdivin.org\/wp-content\/uploads\/2013\/06\/DL-07-04-2004-vins-565x290.jpg\" height=\"290\" width=\"565\" alt=\"\" class=\"slider-1209 slide-1235 msDefaultImage\" \/><img loading=\"lazy\" decoding=\"async\" src=\"https:\/\/www.cepdivin.org\/wp-content\/uploads\/2017\/10\/la-champagne-vagabonde-degustation-litteraire-2017-11-10_1-565x290.jpg\" height=\"290\" width=\"565\" title=\"la-champagne-vagabonde-degustation-litteraire-2017-11-10_1\" alt=\"\" class=\"slider-1209 slide-6495 msDefaultImage\" \/><img loading=\"lazy\" decoding=\"async\" src=\"https:\/\/www.cepdivin.org\/wp-content\/uploads\/2014\/01\/SAM_2464-565x290.jpg\" height=\"290\" width=\"565\" alt=\"Expression des terroirs \/ Vignerons d\u2019expression : Sylvain Jougla et J\u00e9r\u00e9mie Illouz.\" class=\"slider-1209 slide-2584 msDefaultImage\" \/><img loading=\"lazy\" decoding=\"async\" src=\"https:\/\/www.cepdivin.org\/wp-content\/uploads\/2013\/07\/Chateau-Filhot-10-12-2011-565x290.jpg\" height=\"290\" width=\"565\" alt=\"\" class=\"slider-1209 slide-1502 msDefaultImage\" \/><img loading=\"lazy\" decoding=\"async\" src=\"https:\/\/www.cepdivin.org\/wp-content\/uploads\/2013\/07\/DL-14-02-2008-2-565x290.jpg\" height=\"290\" width=\"565\" alt=\"\" class=\"slider-1209 slide-1496 msDefaultImage\" \/><img loading=\"lazy\" decoding=\"async\" src=\"https:\/\/www.cepdivin.org\/wp-content\/uploads\/2013\/06\/DL-14-02-20081-426x218.jpg\" height=\"290\" width=\"565\" alt=\"\" class=\"slider-1209 slide-1316 msDefaultImage\" \/><img loading=\"lazy\" decoding=\"async\" src=\"https:\/\/www.cepdivin.org\/wp-content\/uploads\/2013\/06\/DL-19-11-2010-vins-565x290.jpg\" height=\"290\" width=\"565\" alt=\"\" class=\"slider-1209 slide-1237 msDefaultImage\" \/><img loading=\"lazy\" decoding=\"async\" src=\"https:\/\/www.cepdivin.org\/wp-content\/uploads\/2013\/06\/D\u00e9gustation-litt\u00e9raire-Ch\u00e2teau-Dillon-e1390669049114-565x290.jpg\" height=\"290\" width=\"565\" alt=\"Marc Heimermann : D\u00e9gustations spirituelles dans les vignes d\" class=\"slider-1209 slide-1218 msDefaultImage\" \/><img loading=\"lazy\" decoding=\"async\" src=\"https:\/\/www.cepdivin.org\/wp-content\/uploads\/2013\/05\/Ch\u00e2teau-dArsac-360x185.jpg\" height=\"290\" width=\"565\" alt=\"\" class=\"slider-1209 slide-1060 msDefaultImage\" \/><img loading=\"lazy\" decoding=\"async\" src=\"https:\/\/www.cepdivin.org\/wp-content\/uploads\/2013\/06\/DL30nov5-565x290.jpg\" height=\"290\" width=\"565\" alt=\"Collectif, Le Vin dans ses \u0152uvres. D\u00e9gustation litt\u00e9raire, La Machine \u00e0 Lire, 30\/11\/2004.\" class=\"slider-1209 slide-1219 msDefaultImage\" \/><img loading=\"lazy\" decoding=\"async\" src=\"https:\/\/www.cepdivin.org\/wp-content\/uploads\/2013\/06\/DL-13-12-2005-vins-565x290.jpg\" height=\"290\" width=\"565\" alt=\"\" class=\"slider-1209 slide-1236 msDefaultImage\" \/><img loading=\"lazy\" decoding=\"async\" src=\"https:\/\/www.cepdivin.org\/wp-content\/uploads\/2013\/06\/DL-24-11-2005-\u00e9tiquettes-565x290.jpg\" height=\"290\" width=\"565\" alt=\"\" class=\"slider-1209 slide-1234 msDefaultImage\" \/><img loading=\"lazy\" decoding=\"async\" src=\"https:\/\/www.cepdivin.org\/wp-content\/uploads\/2013\/06\/DL-14-12-2007-565x290.jpg\" height=\"290\" width=\"565\" alt=\"\" class=\"slider-1209 slide-1317 msDefaultImage\" \/><img loading=\"lazy\" decoding=\"async\" src=\"https:\/\/www.cepdivin.org\/wp-content\/uploads\/2014\/05\/Azelina-Jaboulet-Vercherre-Florilege-565x290.jpg\" height=\"290\" width=\"565\" alt=\"Az\u00e9lina Jaboulet-Vercherre : Floril\u00e8ge de discours savants sur le vin.\" class=\"slider-1209 slide-3044 msDefaultImage\" \/><img loading=\"lazy\" decoding=\"async\" src=\"https:\/\/www.cepdivin.org\/wp-content\/uploads\/2014\/05\/ag-2014-06-26-1-565x290.jpg\" height=\"290\" width=\"565\" alt=\"\" class=\"slider-1209 slide-3315 msDefaultImage\" \/><img loading=\"lazy\" decoding=\"async\" src=\"https:\/\/www.cepdivin.org\/wp-content\/uploads\/2014\/05\/des-bordeaux-a-part-565x290.jpg\" height=\"290\" width=\"565\" alt=\"\" class=\"slider-1209 slide-3075 msDefaultImage\" \/><img loading=\"lazy\" decoding=\"async\" src=\"https:\/\/www.cepdivin.org\/wp-content\/uploads\/2013\/06\/LEnvers-du-D\u00e9cor-448x229.jpg\" height=\"290\" width=\"565\" alt=\"\" class=\"slider-1209 slide-1325 msDefaultImage\" \/><img loading=\"lazy\" decoding=\"async\" src=\"https:\/\/www.cepdivin.org\/wp-content\/uploads\/2013\/06\/Dali-565x290.jpg\" height=\"290\" width=\"565\" alt=\"Bernard Lafargue et Amancio Tenaguillo y Cort\u00e1zar : &quot;De Goya \u00e0 Dali, les caprices de Dionysos&quot;. D\u00e9gustation litt\u00e9raire, Cellier des Chartrons, 13\/11\/2009.\" class=\"slider-1209 slide-1216 msDefaultImage\" \/><img loading=\"lazy\" decoding=\"async\" src=\"https:\/\/www.cepdivin.org\/wp-content\/uploads\/2013\/07\/voyage_aux_pays_du_vin-400x205.jpg\" height=\"290\" width=\"565\" alt=\"\" class=\"slider-1209 slide-1498 msDefaultImage\" \/><img loading=\"lazy\" decoding=\"async\" src=\"https:\/\/www.cepdivin.org\/wp-content\/uploads\/2013\/06\/DL-08-12-2007-2-565x290.jpg\" height=\"290\" width=\"565\" alt=\"\" class=\"slider-1209 slide-1485 msDefaultImage\" \/><img loading=\"lazy\" decoding=\"async\" src=\"https:\/\/www.cepdivin.org\/wp-content\/uploads\/2013\/07\/Chateau-Filhot-10-12-2011-3-565x290.jpg\" height=\"290\" width=\"565\" alt=\"\" class=\"slider-1209 slide-1500 msDefaultImage\" \/><img loading=\"lazy\" decoding=\"async\" src=\"https:\/\/www.cepdivin.org\/wp-content\/uploads\/2013\/06\/DL-07-12-2012-565x290.jpg\" height=\"290\" width=\"565\" alt=\"Yves Charnet, le po\u00e8te torero : (auto)portraits en artiste romantique. D\u00e9gustation litt\u00e9raire, Ecomus\u00e9e de la vigne et du vin, Gradignan, 07\/12\/2012.\" class=\"slider-1209 slide-1233 msDefaultImage\" \/><img loading=\"lazy\" decoding=\"async\" src=\"https:\/\/www.cepdivin.org\/wp-content\/uploads\/2013\/06\/003-565x290.jpg\" height=\"290\" width=\"565\" alt=\"Patrice Bersac : Le vignoble francilien, histoire d\" class=\"slider-1209 slide-1223 msDefaultImage\" \/><img loading=\"lazy\" decoding=\"async\" src=\"https:\/\/www.cepdivin.org\/wp-content\/uploads\/2017\/02\/club-cepdivin-degustation-2017-03-18-565x290.jpg\" height=\"290\" width=\"565\" alt=\"\" class=\"slider-1209 slide-5772 msDefaultImage\" \/><img loading=\"lazy\" decoding=\"async\" src=\"https:\/\/www.cepdivin.org\/wp-content\/uploads\/2013\/07\/tagaoc502-565x290.jpg\" height=\"290\" width=\"565\" alt=\"\" class=\"slider-1209 slide-1497 msDefaultImage\" \/><img loading=\"lazy\" decoding=\"async\" src=\"https:\/\/www.cepdivin.org\/wp-content\/uploads\/2013\/06\/DL-21-01-2011-565x290.jpg\" height=\"290\" width=\"565\" alt=\"\" class=\"slider-1209 slide-1491 msDefaultImage\" \/><img loading=\"lazy\" decoding=\"async\" src=\"https:\/\/www.cepdivin.org\/wp-content\/uploads\/2013\/06\/0002-565x290.jpg\" height=\"290\" width=\"565\" alt=\"Amancio Tenaguillo y Cort\u00e1zar : Oinopos - voyage au pays du vin. D\u00e9gustation litt\u00e9raire, Domaine Bordenave,12\/12\/2009.\" class=\"slider-1209 slide-1222 msDefaultImage\" \/><img loading=\"lazy\" decoding=\"async\" src=\"https:\/\/www.cepdivin.org\/wp-content\/uploads\/2013\/06\/0004b1-565x290.jpg\" height=\"290\" width=\"565\" alt=\"Autant en emporte le vin : Fran\u00e7ois Vignes &amp; Claude Andrzejewski. D\u00e9gustation litt\u00e9raire, La Machine \u00e0 Lire, 25\/03\/2006.\" class=\"slider-1209 slide-1226 msDefaultImage\" \/><img loading=\"lazy\" decoding=\"async\" src=\"https:\/\/www.cepdivin.org\/wp-content\/uploads\/2013\/05\/Munic\u00edpio-de-Sabrosa-Media-Not\u00edcias-Cultura-SABROSA-PROMOVE-VINHOS-EM-PA\u00cdS-E-TERRA-DE-VINHOS-528x271.png\" height=\"290\" width=\"565\" alt=\"Sabrosa promove vinhos em pa\u00eds e terra de vinhos, Sabrosa municipio, 24\/11\/2010.\" class=\"slider-1209 slide-1135 msDefaultImage\" \/><img loading=\"lazy\" decoding=\"async\" src=\"https:\/\/www.cepdivin.org\/wp-content\/uploads\/2013\/06\/Dali-2-565x290.jpg\" height=\"290\" width=\"565\" alt=\"Amancio Tenaguillo y Cort\u00e1zar &amp; G\u00e9rald Mazaud : De Rabelais \u00e0 Dali : dr\u00f4leries, grotesques &amp; caprices. D\u00e9gustation litt\u00e9raire, Cellier des Chartrons, 20\/11\/2009.\" class=\"slider-1209 slide-1215 msDefaultImage\" \/><img loading=\"lazy\" decoding=\"async\" src=\"https:\/\/www.cepdivin.org\/wp-content\/uploads\/2026\/01\/degustation-litteraire-jerez-bardins-5-565x290.jpg\" height=\"290\" width=\"565\" title=\"degustation litteraire jerez bardins 5\" alt=\"\" class=\"slider-1209 slide-6498 msDefaultImage\" \/><img loading=\"lazy\" decoding=\"async\" src=\"https:\/\/www.cepdivin.org\/wp-content\/uploads\/2013\/06\/DL-06-04-2012-565x290.jpg\" height=\"290\" width=\"565\" alt=\"Balada flamenca: Jean-Louis Duzert, Ludovic Pautier &amp; Tony Hernandez. d\u00e9gustation litt\u00e9raire, Ch\u00e2teau Bardins, 06\/04\/2012.\" class=\"slider-1209 slide-1231 msDefaultImage\" \/><img loading=\"lazy\" decoding=\"async\" src=\"https:\/\/www.cepdivin.org\/wp-content\/uploads\/2014\/01\/Expression-des-terroirs-2013-01-17-3-565x290.jpg\" height=\"290\" width=\"565\" alt=\"\" class=\"slider-1209 slide-2595 msDefaultImage\" \/><img loading=\"lazy\" decoding=\"async\" src=\"https:\/\/www.cepdivin.org\/wp-content\/uploads\/2013\/07\/Chateau-Filhot-10-12-2011-4-565x290.jpg\" height=\"290\" width=\"565\" alt=\"\" class=\"slider-1209 slide-1501 msDefaultImage\" \/><img loading=\"lazy\" decoding=\"async\" src=\"https:\/\/www.cepdivin.org\/wp-content\/uploads\/2013\/06\/010-565x290.jpg\" height=\"290\" width=\"565\" alt=\"Anne-Marie Royer Pantin : La rose et le vin, Esth\u00e9tique du vin. D\u00e9gustation litt\u00e9raire, La Machine \u00e0 Lire, 14\/02\/2008.\" class=\"slider-1209 slide-1227 msDefaultImage\" \/><img loading=\"lazy\" decoding=\"async\" src=\"https:\/\/www.cepdivin.org\/wp-content\/uploads\/2013\/07\/DL-14-02-2008-565x290.jpg\" height=\"290\" width=\"565\" alt=\"\" class=\"slider-1209 slide-1495 msDefaultImage\" \/><img loading=\"lazy\" decoding=\"async\" src=\"https:\/\/www.cepdivin.org\/wp-content\/uploads\/2026\/01\/degustation-litteraire-jerez-bardins-3-565x290.jpg\" height=\"290\" width=\"565\" title=\"degustation litteraire jerez bardins 3\" alt=\"\" class=\"slider-1209 slide-6492 msDefaultImage\" \/><img loading=\"lazy\" decoding=\"async\" src=\"https:\/\/www.cepdivin.org\/wp-content\/uploads\/2013\/06\/ATC-565x290.jpg\" height=\"290\" width=\"565\" alt=\"\" class=\"slider-1209 slide-1324 msDefaultImage\" \/><img loading=\"lazy\" decoding=\"async\" src=\"https:\/\/www.cepdivin.org\/wp-content\/uploads\/2014\/12\/degustation-litteraire-jean-yves-bardin-565x290.jpg\" height=\"290\" width=\"565\" alt=\"\" class=\"slider-1209 slide-3940 msDefaultImage\" \/><img loading=\"lazy\" decoding=\"async\" src=\"https:\/\/www.cepdivin.org\/wp-content\/uploads\/2013\/06\/DL-06-04-20121-565x290.jpg\" height=\"290\" width=\"565\" alt=\"Balada flamenca: Jean-Louis Duzert, Ludovic Pautier &amp; Tony Hernandez. d\u00e9gustation litt\u00e9raire, Ch\u00e2teau Bardins, 06\/04\/2012.\" class=\"slider-1209 slide-1232 msDefaultImage\" \/><img loading=\"lazy\" decoding=\"async\" src=\"https:\/\/www.cepdivin.org\/wp-content\/uploads\/2026\/01\/degustation-litteraire-jerez-bardins-affiche-565x290.jpg\" height=\"290\" width=\"565\" title=\"degustation litteraire jerez bardins affiche\" alt=\"\" class=\"slider-1209 slide-6494 msDefaultImage\" \/><img loading=\"lazy\" decoding=\"async\" src=\"https:\/\/www.cepdivin.org\/wp-content\/uploads\/2013\/06\/DD-26-01-2013-565x290.jpg\" height=\"290\" width=\"565\" alt=\"D\u00eener d\u00e9gustation. L\" class=\"slider-1209 slide-1229 msDefaultImage\" \/><img loading=\"lazy\" decoding=\"async\" src=\"https:\/\/www.cepdivin.org\/wp-content\/uploads\/2013\/06\/DL-29-01-2005-565x290.jpg\" height=\"290\" width=\"565\" alt=\"\" class=\"slider-1209 slide-1489 msDefaultImage\" \/><img loading=\"lazy\" decoding=\"async\" src=\"https:\/\/www.cepdivin.org\/wp-content\/uploads\/2013\/07\/DL-04-11-2009-2-565x290.jpg\" height=\"290\" width=\"565\" alt=\"\" class=\"slider-1209 slide-1494 msDefaultImage\" \/><img loading=\"lazy\" decoding=\"async\" src=\"https:\/\/www.cepdivin.org\/wp-content\/uploads\/2013\/06\/DL-27-01-2007-565x290.jpg\" height=\"290\" width=\"565\" alt=\"\" class=\"slider-1209 slide-1488 msDefaultImage\" \/><img loading=\"lazy\" decoding=\"async\" src=\"https:\/\/www.cepdivin.org\/wp-content\/uploads\/2013\/06\/Armagnac-565x290.jpg\" height=\"290\" width=\"565\" alt=\"Armagnac : La flamme et la patience. D\u00e9gustation litt\u00e9raire, Ch\u00e2teau Bardins, 03\/04\/2009.\" class=\"slider-1209 slide-1217 msDefaultImage\" \/><img loading=\"lazy\" decoding=\"async\" src=\"https:\/\/www.cepdivin.org\/wp-content\/uploads\/2026\/01\/Degustaion-litteraire-Jerez-Quvee-3-565x290.jpg\" height=\"290\" width=\"565\" title=\"Degustaion litteraire Jerez Quvee 3\" alt=\"\" class=\"slider-1209 slide-6490 msDefaultImage\" \/><img loading=\"lazy\" decoding=\"async\" src=\"https:\/\/www.cepdivin.org\/wp-content\/uploads\/2014\/06\/degustation-litteraire-2014-06-20-vins-565x290.jpg\" height=\"290\" width=\"565\" alt=\"\" class=\"slider-1209 slide-3266 msDefaultImage\" \/><img loading=\"lazy\" decoding=\"async\" src=\"https:\/\/www.cepdivin.org\/wp-content\/uploads\/2013\/07\/DL-04-11-2009-565x290.jpg\" height=\"290\" width=\"565\" alt=\"\" class=\"slider-1209 slide-1493 msDefaultImage\" \/><img loading=\"lazy\" decoding=\"async\" src=\"https:\/\/www.cepdivin.org\/wp-content\/uploads\/2013\/06\/Ch\u00e2teau-Bardins-565x290.jpg\" height=\"290\" width=\"565\" data-caption=\"&lt;div&gt;Ch&amp;acirc;teau Bardins&lt;\/div&gt;\" alt=\"Ch\u00e2teau Bardins\" class=\"slider-1209 slide-1211 msDefaultImage\" \/><img loading=\"lazy\" decoding=\"async\" src=\"https:\/\/www.cepdivin.org\/wp-content\/uploads\/2015\/10\/2015-10-15-club-cepdivin-degustation-bandeau-565x290.jpg\" height=\"290\" width=\"565\" alt=\"\" class=\"slider-1209 slide-4987 msDefaultImage\" \/><img loading=\"lazy\" decoding=\"async\" src=\"https:\/\/www.cepdivin.org\/wp-content\/uploads\/2013\/06\/Georges-Ferr\u00e91-565x290.jpg\" height=\"290\" width=\"565\" alt=\"\" class=\"slider-1209 slide-1490 msDefaultImage\" \/><img loading=\"lazy\" decoding=\"async\" src=\"https:\/\/www.cepdivin.org\/wp-content\/uploads\/2017\/10\/degustation-litteraire-20171110-vins-565x290.jpg\" height=\"290\" width=\"565\" data-caption=\"&lt;div&gt;La Champagne vagabonde, vineuse et litt&amp;eacute;raire&lt;\/div&gt;\" alt=\"\" class=\"slider-1209 slide-6119 msDefaultImage\" \/><\/div><\/div>\n        \n    <\/div>\n<\/div>\n<p>&nbsp;<\/p>\n<p style=\"text-align: justify;\"><strong>CEPDIVIN\u00ae\u00a0<\/strong>(Centre d\u2019Etudes Pluridisciplinaires Des Imaginaires du VIN)\u00a0est une association internationale fond\u00e9e en 2001 par Amancio Tenaguillo y Cort\u00e1zar. Elle a pour objet de <strong>promouvoir l\u2019\u00e9tude et la connaissance des images et repr\u00e9sentations litt\u00e9raires, artistiques et socioculturelles de la vigne et du vin<\/strong>.<\/p>\n<h2 style=\"text-align: justify;\">Nos buts<\/h2>\n<ul style=\"text-align: justify;\">\n<li>Favoriser la rencontre et l\u2019\u00e9change pluridisciplinaire des savoirs et des pratiques entre les universitaires, les professionnels et les amateurs<\/li>\n<li>Assurer la diffusion de l\u2019information disponible sur les repr\u00e9sentations socioculturelles de la vigne et du vin dans le monde<\/li>\n<li>\u00a0Susciter et organiser des travaux de recherche sur les imaginaires de la vigne et du vin<\/li>\n<li>Mettre en oeuvre tous les moyens n\u00e9cessaires \u00e0 une valorisation culturelle de la vigne et du vin.<\/li>\n<\/ul>\n<h2>Nos moyens<\/h2>\n<p style=\"text-align: justify;\">Le\u00a0<strong>Centre d&#8217;Etudes Pluridisciplinaires Des Imaginaires du VIN\u00a0<\/strong>anime un r\u00e9seau pluridisciplinaire (historiens, g\u00e9ographes, litt\u00e9raires, sociologues, historiens de l&#8217;art, ethnologues, psychologues&#8230;) de chercheurs ind\u00e9pendants et d&#8217;universitaires : Universit\u00e9 Michel de Montaigne-Bordeaux 3, Institut des Sciences Politiques de Bordeaux, Universit\u00e9 Bordeaux 2, Universit\u00e9 de Paris 3 Sorbonne Nouvelle, Universit\u00e9 de Pau et des pays de l&#8217;Adour, Universit\u00e9 de Franche-Comt\u00e9, Universit\u00e9 Rennes 2, Universit\u00e9 Nationale d&#8217;Irlande \u00e0 Dublin, Universit\u00e9s de Valencia et de La Rioja (Espagne)&#8230;<\/p>\n<p style=\"text-align: justify;\">A travers ses activit\u00e9s de recherche, de diffusion et de valorisation des sciences humaines et sociales de la vigne et du vin, CEPDIVIN aborde la civilisation vitivinicole dans ses multiples dimensions, \u00e0 travers le temps et l&#8217;espace.<\/p>\n<p style=\"text-align: justify;\">CEPDIVIN\u00ae organise des <strong>colloques<\/strong>, des <strong>conf\u00e9rences<\/strong>, des <strong>journ\u00e9es th\u00e9matiques<\/strong>, des <strong>expositions<\/strong>, des <strong>d\u00e9gustations litt\u00e9raires\u00ae<\/strong> ; il est partenaire de plusieurs manifestations artistiques et culturelles.<\/p>\n<p style=\"text-align: justify;\">CEPDIVIN \u00e9diteur publie les travaux de ses membres.<\/p>\n<p style=\"text-align: justify;\">CEPDIVIN d\u00e9veloppe un site Internet, <em>Les Imaginaires du Vin\u00ae<\/em>, qui propose de nombreux articles et ressources : www.cepdivin.org.<\/p>\n<p style=\"text-align: justify;\">CEPDIVIN association est d\u00e9clar\u00e9e \u00e0 la pr\u00e9fecture de Bordeaux (Parution au Journal Officiel du 13 octobre 2001) \u2013 SIRET : 451 977 367 00015<\/p>\n<address style=\"text-align: justify;\">NB. Conform\u00e9ment \u00e0 l&#8217;article L. 712-2 du code de la propri\u00e9t\u00e9 intellectuelle, <strong>DEGUSTATION LITTERAIRE<\/strong>, <strong>CEPDIVIN<\/strong>, <strong>LES IMAGINAIRES DU VIN<\/strong> sont des noms de marques d\u00e9pos\u00e9es aupr\u00e8s de l&#8217;INPI.<\/address>\n","protected":false},"excerpt":{"rendered":"<p>&nbsp; CEPDIVIN\u00ae\u00a0(Centre d\u2019Etudes Pluridisciplinaires Des Imaginaires du VIN)\u00a0est une association internationale fond\u00e9e en 2001 par Amancio Tenaguillo y Cort\u00e1zar. Elle a pour objet de promouvoir l\u2019\u00e9tude et la connaissance des images et repr\u00e9sentations litt\u00e9raires, artistiques et socioculturelles de la vigne et du vin. Nos buts Favoriser la rencontre et l\u2019\u00e9change &#8230;<\/p>\n","protected":false},"author":1,"featured_media":0,"parent":2,"menu_order":0,"comment_status":"closed","ping_status":"closed","template":"template-landing-page.php","meta":{"footnotes":""},"class_list":["post-281","page","type-page","status-publish","hentry","column","onecol"],"_links":{"self":[{"href":"https:\/\/www.cepdivin.org\/index.php?rest_route=\/wp\/v2\/pages\/281","targetHints":{"allow":["GET"]}}],"collection":[{"href":"https:\/\/www.cepdivin.org\/index.php?rest_route=\/wp\/v2\/pages"}],"about":[{"href":"https:\/\/www.cepdivin.org\/index.php?rest_route=\/wp\/v2\/types\/page"}],"author":[{"embeddable":true,"href":"https:\/\/www.cepdivin.org\/index.php?rest_route=\/wp\/v2\/users\/1"}],"replies":[{"embeddable":true,"href":"https:\/\/www.cepdivin.org\/index.php?rest_route=%2Fwp%2Fv2%2Fcomments&post=281"}],"version-history":[{"count":13,"href":"https:\/\/www.cepdivin.org\/index.php?rest_route=\/wp\/v2\/pages\/281\/revisions"}],"predecessor-version":[{"id":583,"href":"https:\/\/www.cepdivin.org\/index.php?rest_route=\/wp\/v2\/pages\/281\/revisions\/583"}],"up":[{"embeddable":true,"href":"https:\/\/www.cepdivin.org\/index.php?rest_route=\/wp\/v2\/pages\/2"}],"wp:attachment":[{"href":"https:\/\/www.cepdivin.org\/index.php?rest_route=%2Fwp%2Fv2%2Fmedia&parent=281"}],"curies":[{"name":"wp","href":"https:\/\/api.w.org\/{rel}","templated":true}]}}